{"id":494,"date":"2019-04-27T16:10:53","date_gmt":"2019-04-27T14:10:53","guid":{"rendered":"http:\/\/westroijen.nl\/?page_id=494"},"modified":"2025-11-17T21:04:16","modified_gmt":"2025-11-17T20:04:16","slug":"de-mensen-van-het-wijkcomite","status":"publish","type":"page","link":"https:\/\/westroijen.nl\/?page_id=494","title":{"rendered":"De mensen van het Wijkcomit\u00e9"},"content":{"rendered":"\n<hr class=\"wp-block-separator has-css-opacity\"\/>\n\n\n\n<div class=\"wp-block-media-text alignwide is-stacked-on-mobile\" style=\"grid-template-columns:14% auto\"><figure class=\"wp-block-media-text__media\"><img data-recalc-dims=\"1\" loading=\"lazy\" decoding=\"async\" width=\"548\" height=\"466\" data-attachment-id=\"961\" data-permalink=\"https:\/\/westroijen.nl\/?attachment_id=961\" data-orig-file=\"https:\/\/i0.wp.com\/westroijen.nl\/wp-content\/uploads\/2019\/04\/martijn.png?fit=548%2C466&amp;ssl=1\" data-orig-size=\"548,466\" data-comments-opened=\"0\" data-image-meta=\"{&quot;aperture&quot;:&quot;0&quot;,&quot;credit&quot;:&quot;&quot;,&quot;camera&quot;:&quot;&quot;,&quot;caption&quot;:&quot;&quot;,&quot;created_timestamp&quot;:&quot;0&quot;,&quot;copyright&quot;:&quot;&quot;,&quot;focal_length&quot;:&quot;0&quot;,&quot;iso&quot;:&quot;0&quot;,&quot;shutter_speed&quot;:&quot;0&quot;,&quot;title&quot;:&quot;&quot;,&quot;orientation&quot;:&quot;0&quot;}\" data-image-title=\"martijn\" data-image-description=\"\" data-image-caption=\"\" data-large-file=\"https:\/\/i0.wp.com\/westroijen.nl\/wp-content\/uploads\/2019\/04\/martijn.png?fit=548%2C466&amp;ssl=1\" src=\"https:\/\/i0.wp.com\/westroijen.nl\/wp-content\/uploads\/2019\/04\/martijn.png?resize=548%2C466\" alt=\"\" class=\"wp-image-961 size-full\" srcset=\"https:\/\/i0.wp.com\/westroijen.nl\/wp-content\/uploads\/2019\/04\/martijn.png?w=548&amp;ssl=1 548w, https:\/\/i0.wp.com\/westroijen.nl\/wp-content\/uploads\/2019\/04\/martijn.png?resize=300%2C255&amp;ssl=1 300w, https:\/\/i0.wp.com\/westroijen.nl\/wp-content\/uploads\/2019\/04\/martijn.png?resize=226%2C192&amp;ssl=1 226w\" sizes=\"auto, (max-width: 548px) 100vw, 548px\" \/><\/figure><div class=\"wp-block-media-text__content\">\n<h2 class=\"wp-block-heading\">Martijn (voorzitter)<\/h2>\n\n\n\n<p style=\"font-size:14px\">Mijn naam is Martijn Hofman. Ik woon al bijna mijn hele leven in Tiel.<br> In 2017 heb ik met hulp van het wijkcomite Westrooijen en een kleine groep buurtbewoners een buurtpreventie opgezet in de Kloosterbuurt.<br> Ge\u00efnspireerd door de inzet van het wijkcomite leden ben ik blijven hangen, ik hoop meer mensen te kunnen enthousiasmeren zich in te gaan zetten voor de wijk.<br><br>Inmiddels hebben we met een groep bewoners ook het onderhoud van onze speeltuin opgenomen <\/p>\n<\/div><\/div>\n\n\n\n<hr class=\"wp-block-separator has-css-opacity\"\/>\n\n\n\n<div class=\"wp-block-media-text alignwide is-stacked-on-mobile\" style=\"grid-template-columns:14% auto\"><figure class=\"wp-block-media-text__media\"><img data-recalc-dims=\"1\" loading=\"lazy\" decoding=\"async\" width=\"648\" height=\"656\" data-attachment-id=\"959\" data-permalink=\"https:\/\/westroijen.nl\/?attachment_id=959\" data-orig-file=\"https:\/\/i0.wp.com\/westroijen.nl\/wp-content\/uploads\/2019\/04\/46501443_2201493936530361_1396942373631557632_o.jpg?fit=1991%2C2015&amp;ssl=1\" data-orig-size=\"1991,2015\" data-comments-opened=\"0\" data-image-meta=\"{&quot;aperture&quot;:&quot;0&quot;,&quot;credit&quot;:&quot;&quot;,&quot;camera&quot;:&quot;&quot;,&quot;caption&quot;:&quot;&quot;,&quot;created_timestamp&quot;:&quot;0&quot;,&quot;copyright&quot;:&quot;&quot;,&quot;focal_length&quot;:&quot;0&quot;,&quot;iso&quot;:&quot;0&quot;,&quot;shutter_speed&quot;:&quot;0&quot;,&quot;title&quot;:&quot;&quot;,&quot;orientation&quot;:&quot;0&quot;}\" data-image-title=\"46501443_2201493936530361_1396942373631557632_o\" data-image-description=\"\" data-image-caption=\"\" data-large-file=\"https:\/\/i0.wp.com\/westroijen.nl\/wp-content\/uploads\/2019\/04\/46501443_2201493936530361_1396942373631557632_o.jpg?fit=648%2C656&amp;ssl=1\" src=\"https:\/\/i0.wp.com\/westroijen.nl\/wp-content\/uploads\/2019\/04\/46501443_2201493936530361_1396942373631557632_o.jpg?resize=648%2C656\" alt=\"\" class=\"wp-image-959 size-full\" srcset=\"https:\/\/i0.wp.com\/westroijen.nl\/wp-content\/uploads\/2019\/04\/46501443_2201493936530361_1396942373631557632_o.jpg?resize=1012%2C1024&amp;ssl=1 1012w, https:\/\/i0.wp.com\/westroijen.nl\/wp-content\/uploads\/2019\/04\/46501443_2201493936530361_1396942373631557632_o.jpg?resize=296%2C300&amp;ssl=1 296w, https:\/\/i0.wp.com\/westroijen.nl\/wp-content\/uploads\/2019\/04\/46501443_2201493936530361_1396942373631557632_o.jpg?resize=768%2C777&amp;ssl=1 768w, https:\/\/i0.wp.com\/westroijen.nl\/wp-content\/uploads\/2019\/04\/46501443_2201493936530361_1396942373631557632_o.jpg?resize=96%2C96&amp;ssl=1 96w, https:\/\/i0.wp.com\/westroijen.nl\/wp-content\/uploads\/2019\/04\/46501443_2201493936530361_1396942373631557632_o.jpg?resize=648%2C656&amp;ssl=1 648w, https:\/\/i0.wp.com\/westroijen.nl\/wp-content\/uploads\/2019\/04\/46501443_2201493936530361_1396942373631557632_o.jpg?resize=190%2C192&amp;ssl=1 190w, https:\/\/i0.wp.com\/westroijen.nl\/wp-content\/uploads\/2019\/04\/46501443_2201493936530361_1396942373631557632_o.jpg?w=1991&amp;ssl=1 1991w, https:\/\/i0.wp.com\/westroijen.nl\/wp-content\/uploads\/2019\/04\/46501443_2201493936530361_1396942373631557632_o.jpg?w=1296 1296w\" sizes=\"auto, (max-width: 648px) 100vw, 648px\" \/><\/figure><div class=\"wp-block-media-text__content\">\n<h2 class=\"wp-block-heading\">Marieke (penningmeester)<\/h2>\n\n\n\n<p style=\"font-size:14px\">Mijn naam is Marieke Pitlo,<br>\nIk woon nu 13 jaar in Tiel en ben actief betrokken bij het Wijkcomit\u00e9 sinds januari 2018. Dit doe ik in de vorm van penningmeester. Ik vind het belangrijk om ook een positieve bijdrage te kunnen leveren aan de buurt waar ik woon. Vele handen maken licht werk en als we met alle wijkbewoners samen de schouders eronder zetten kunnen we onze buurt absoluut verbeteren qua woonklimaat. Na een heel aantal jaren binnen een vereniging gefunctioneerd te hebben, weet ik dat het heel moeilijk is om vrijwilligers te vinden, iedereen denkt vaak die ander doet het wel. Maar 1 ding is zeker als niemand iets doet gebeurt er ook niets.<\/p>\n<\/div><\/div>\n\n\n\n<hr class=\"wp-block-separator has-css-opacity\"\/>\n\n\n\n<div class=\"wp-block-media-text alignwide is-stacked-on-mobile\" style=\"grid-template-columns:14% auto\"><figure class=\"wp-block-media-text__media\"><img data-recalc-dims=\"1\" loading=\"lazy\" decoding=\"async\" width=\"648\" height=\"648\" data-attachment-id=\"190\" data-permalink=\"https:\/\/westroijen.nl\/?attachment_id=190\" data-orig-file=\"https:\/\/i0.wp.com\/westroijen.nl\/wp-content\/uploads\/2017\/03\/Bram.jpg?fit=1199%2C1199&amp;ssl=1\" data-orig-size=\"1199,1199\" data-comments-opened=\"0\" data-image-meta=\"{&quot;aperture&quot;:&quot;0&quot;,&quot;credit&quot;:&quot;&quot;,&quot;camera&quot;:&quot;&quot;,&quot;caption&quot;:&quot;&quot;,&quot;created_timestamp&quot;:&quot;0&quot;,&quot;copyright&quot;:&quot;&quot;,&quot;focal_length&quot;:&quot;0&quot;,&quot;iso&quot;:&quot;0&quot;,&quot;shutter_speed&quot;:&quot;0&quot;,&quot;title&quot;:&quot;&quot;,&quot;orientation&quot;:&quot;0&quot;}\" data-image-title=\"Bram\" data-image-description=\"\" data-image-caption=\"&lt;p&gt;Bram&lt;\/p&gt;\n\" data-large-file=\"https:\/\/i0.wp.com\/westroijen.nl\/wp-content\/uploads\/2017\/03\/Bram.jpg?fit=648%2C648&amp;ssl=1\" src=\"https:\/\/i0.wp.com\/westroijen.nl\/wp-content\/uploads\/2017\/03\/Bram.jpg?resize=648%2C648\" alt=\"\" class=\"wp-image-190 size-full\" srcset=\"https:\/\/i0.wp.com\/westroijen.nl\/wp-content\/uploads\/2017\/03\/Bram.jpg?resize=1024%2C1024&amp;ssl=1 1024w, https:\/\/i0.wp.com\/westroijen.nl\/wp-content\/uploads\/2017\/03\/Bram.jpg?resize=150%2C150&amp;ssl=1 150w, https:\/\/i0.wp.com\/westroijen.nl\/wp-content\/uploads\/2017\/03\/Bram.jpg?resize=300%2C300&amp;ssl=1 300w, https:\/\/i0.wp.com\/westroijen.nl\/wp-content\/uploads\/2017\/03\/Bram.jpg?resize=768%2C768&amp;ssl=1 768w, https:\/\/i0.wp.com\/westroijen.nl\/wp-content\/uploads\/2017\/03\/Bram.jpg?resize=330%2C330&amp;ssl=1 330w, https:\/\/i0.wp.com\/westroijen.nl\/wp-content\/uploads\/2017\/03\/Bram.jpg?resize=96%2C96&amp;ssl=1 96w, https:\/\/i0.wp.com\/westroijen.nl\/wp-content\/uploads\/2017\/03\/Bram.jpg?resize=648%2C648&amp;ssl=1 648w, https:\/\/i0.wp.com\/westroijen.nl\/wp-content\/uploads\/2017\/03\/Bram.jpg?resize=192%2C192&amp;ssl=1 192w, https:\/\/i0.wp.com\/westroijen.nl\/wp-content\/uploads\/2017\/03\/Bram.jpg?w=1199&amp;ssl=1 1199w\" sizes=\"auto, (max-width: 648px) 100vw, 648px\" \/><\/figure><div class=\"wp-block-media-text__content\">\n<h2 class=\"wp-block-heading\">Bram (socials)<\/h2>\n\n\n\n<p style=\"font-size:14px\">Mijn naam is Bram Ertman, ben met me leeftijd 28 jaar het jongste bestuurslid van Wijkcomit\u00e9 Westroijen. Sinds 2015 heb ik mijzelf aangesloten bij het wijkcomit\u00e9&nbsp;omdat ik graag actief leef, leer en werk met buurtgenoten.&nbsp;Daarom zet ik mij in voor een leefbare wijk. Ookal woon ik niet meer in de wijk, graag blijf ik wel betrokken tot de wijk. Ik zorg er voor dat de sociale media up-to-date is samen de deze website.<\/p>\n<\/div><\/div>\n\n\n\n<hr class=\"wp-block-separator has-css-opacity\"\/>\n\n\n\n<div class=\"wp-block-media-text alignwide is-stacked-on-mobile\" style=\"grid-template-columns:15% auto\"><figure class=\"wp-block-media-text__media\"><img data-recalc-dims=\"1\" loading=\"lazy\" decoding=\"async\" width=\"576\" height=\"1024\" data-attachment-id=\"1639\" data-permalink=\"https:\/\/westroijen.nl\/?attachment_id=1639\" data-orig-file=\"https:\/\/i0.wp.com\/westroijen.nl\/wp-content\/uploads\/2022\/05\/website-1.jpg?fit=720%2C1280&amp;ssl=1\" data-orig-size=\"720,1280\" data-comments-opened=\"0\" data-image-meta=\"{&quot;aperture&quot;:&quot;0&quot;,&quot;credit&quot;:&quot;&quot;,&quot;camera&quot;:&quot;&quot;,&quot;caption&quot;:&quot;&quot;,&quot;created_timestamp&quot;:&quot;0&quot;,&quot;copyright&quot;:&quot;&quot;,&quot;focal_length&quot;:&quot;0&quot;,&quot;iso&quot;:&quot;0&quot;,&quot;shutter_speed&quot;:&quot;0&quot;,&quot;title&quot;:&quot;&quot;,&quot;orientation&quot;:&quot;0&quot;}\" data-image-title=\"website-1\" data-image-description=\"\" data-image-caption=\"\" data-large-file=\"https:\/\/i0.wp.com\/westroijen.nl\/wp-content\/uploads\/2022\/05\/website-1.jpg?fit=576%2C1024&amp;ssl=1\" src=\"https:\/\/i0.wp.com\/westroijen.nl\/wp-content\/uploads\/2022\/05\/website-1-576x1024.jpg?resize=576%2C1024&#038;ssl=1\" alt=\"\" class=\"wp-image-1639 size-full\" srcset=\"https:\/\/i0.wp.com\/westroijen.nl\/wp-content\/uploads\/2022\/05\/website-1.jpg?resize=576%2C1024&amp;ssl=1 576w, https:\/\/i0.wp.com\/westroijen.nl\/wp-content\/uploads\/2022\/05\/website-1.jpg?resize=169%2C300&amp;ssl=1 169w, https:\/\/i0.wp.com\/westroijen.nl\/wp-content\/uploads\/2022\/05\/website-1.jpg?resize=648%2C1152&amp;ssl=1 648w, https:\/\/i0.wp.com\/westroijen.nl\/wp-content\/uploads\/2022\/05\/website-1.jpg?resize=108%2C192&amp;ssl=1 108w, https:\/\/i0.wp.com\/westroijen.nl\/wp-content\/uploads\/2022\/05\/website-1.jpg?w=720&amp;ssl=1 720w\" sizes=\"auto, (max-width: 576px) 100vw, 576px\" \/><\/figure><div class=\"wp-block-media-text__content\">\n<p><strong>Conny van Lier .<\/strong><\/p>\n\n\n\n<p>Omdat ik al jaren (28) in de&nbsp; Kloosterbuurt woon, meestal met veel plezier , wilde ik mij wat meer inzetten voor de wijk en de bewoners . Vandaar dat ik me graag bij het Wijkcomit\u00e9 Westroyen wil aansluiten. Ik hoop op wat meer saamhorigheid en gezelligheid in de buurt en een respectvolle en aangename leefomgeving voor allen .&nbsp;<\/p>\n\n\n\n<p>&nbsp;Bij vragen hierover kunt u mij altijd aanspreken.&nbsp;<\/p>\n\n\n\n<p>Met hartelijke groet ,<\/p>\n\n\n\n<p>Conny.<\/p>\n<\/div><\/div>\n\n\n\n<hr class=\"wp-block-separator has-css-opacity\"\/>\n\n\n\n<div class=\"wp-block-media-text alignwide is-stacked-on-mobile\" style=\"grid-template-columns:14% auto\"><figure class=\"wp-block-media-text__media\"><img data-recalc-dims=\"1\" loading=\"lazy\" decoding=\"async\" width=\"206\" height=\"198\" data-attachment-id=\"969\" data-permalink=\"https:\/\/westroijen.nl\/?attachment_id=969\" data-orig-file=\"https:\/\/i0.wp.com\/westroijen.nl\/wp-content\/uploads\/2019\/04\/you.png?fit=206%2C198&amp;ssl=1\" data-orig-size=\"206,198\" data-comments-opened=\"0\" data-image-meta=\"{&quot;aperture&quot;:&quot;0&quot;,&quot;credit&quot;:&quot;&quot;,&quot;camera&quot;:&quot;&quot;,&quot;caption&quot;:&quot;&quot;,&quot;created_timestamp&quot;:&quot;0&quot;,&quot;copyright&quot;:&quot;&quot;,&quot;focal_length&quot;:&quot;0&quot;,&quot;iso&quot;:&quot;0&quot;,&quot;shutter_speed&quot;:&quot;0&quot;,&quot;title&quot;:&quot;&quot;,&quot;orientation&quot;:&quot;0&quot;}\" data-image-title=\"you\" data-image-description=\"\" data-image-caption=\"\" data-large-file=\"https:\/\/i0.wp.com\/westroijen.nl\/wp-content\/uploads\/2019\/04\/you.png?fit=206%2C198&amp;ssl=1\" src=\"https:\/\/i0.wp.com\/westroijen.nl\/wp-content\/uploads\/2019\/04\/you.png?resize=206%2C198\" alt=\"\" class=\"wp-image-969 size-full\" srcset=\"https:\/\/i0.wp.com\/westroijen.nl\/wp-content\/uploads\/2019\/04\/you.png?w=206&amp;ssl=1 206w, https:\/\/i0.wp.com\/westroijen.nl\/wp-content\/uploads\/2019\/04\/you.png?resize=200%2C192&amp;ssl=1 200w\" sizes=\"auto, (max-width: 206px) 100vw, 206px\" \/><\/figure><div class=\"wp-block-media-text__content\">\n<h2 class=\"wp-block-heading\">Jij?<\/h2>\n\n\n\n<p style=\"font-size:14px\">Heb je zin om met ons mee te doen? <br>Wij zijn op zoek naar actieve buurtbewoners om onze wijk nog mooier te maken dan het als is. Heb je zin om mee te praten in het bestuur of wil je meehelpen met \u00e9\u00e9n van onze projecten of vrijwilliger zijn bij een van onze activiteiten? meld je dan <a href=\"http:\/\/westroijen.nl\/?page_id=581\">hier<\/a> aan.<\/p>\n<\/div><\/div>\n\n\n\n<p><\/p>\n","protected":false},"excerpt":{"rendered":"<p>Martijn (voorzitter) Mijn naam is Martijn Hofman. Ik woon al bijna mijn hele leven in Tiel. In 2017 heb ik met hulp van het wijkcomite Westrooijen en een kleine groep buurtbewoners een buurtpreventie opgezet in de Kloosterbuurt. Ge\u00efnspireerd door de inzet van het wijkcomite leden ben ik blijven hangen, ik hoop meer mensen te kunnen &hellip; <a href=\"https:\/\/westroijen.nl\/?page_id=494\" class=\"more-link\">Lees verder <span class=\"screen-reader-text\">De mensen van het Wijkcomit\u00e9<\/span><\/a><\/p>\n","protected":false},"author":3,"featured_media":0,"parent":0,"menu_order":0,"comment_status":"closed","ping_status":"closed","template":"","meta":{"footnotes":""},"class_list":["post-494","page","type-page","status-publish","hentry"],"jetpack_sharing_enabled":true,"jetpack_shortlink":"https:\/\/wp.me\/P8poyZ-7Y","jetpack-related-posts":[{"id":993,"url":"https:\/\/westroijen.nl\/?page_id=993","url_meta":{"origin":494,"position":0},"title":"Doelen","author":"Bertman","date":"9 mei 2019","format":false,"excerpt":"Wijkcomit\u00e9 Westroijen is actief aanwezig in de buurt en klaar om de ondersteunende arm te bieden waar nodig. Met verenigde krachten kunnen we veel meer bereiken.\u00a0 Dus help ons mee om ook jullie buurt een leefbare, veilige en fijne plek te maken. Onder het motto \u201csamen voor elkaar\u201d start het\u2026","rel":"","context":"Soortgelijk bericht","block_context":{"text":"Soortgelijk bericht","link":""},"img":{"alt_text":"","src":"https:\/\/i0.wp.com\/westroijen.nl\/wp-content\/uploads\/2018\/03\/WhatsApp-Image-2018-03-10-at-14.19.24.jpeg?resize=350%2C200&ssl=1","width":350,"height":200,"srcset":"https:\/\/i0.wp.com\/westroijen.nl\/wp-content\/uploads\/2018\/03\/WhatsApp-Image-2018-03-10-at-14.19.24.jpeg?resize=350%2C200&ssl=1 1x, https:\/\/i0.wp.com\/westroijen.nl\/wp-content\/uploads\/2018\/03\/WhatsApp-Image-2018-03-10-at-14.19.24.jpeg?resize=525%2C300&ssl=1 1.5x, https:\/\/i0.wp.com\/westroijen.nl\/wp-content\/uploads\/2018\/03\/WhatsApp-Image-2018-03-10-at-14.19.24.jpeg?resize=700%2C400&ssl=1 2x, https:\/\/i0.wp.com\/westroijen.nl\/wp-content\/uploads\/2018\/03\/WhatsApp-Image-2018-03-10-at-14.19.24.jpeg?resize=1050%2C600&ssl=1 3x, https:\/\/i0.wp.com\/westroijen.nl\/wp-content\/uploads\/2018\/03\/WhatsApp-Image-2018-03-10-at-14.19.24.jpeg?resize=1400%2C800&ssl=1 4x"},"classes":[]},{"id":62,"url":"https:\/\/westroijen.nl\/?page_id=62","url_meta":{"origin":494,"position":1},"title":"Belangrijke telefoonnummers","author":"Bertman","date":"16 februari 2017","format":false,"excerpt":"Politie\u00a0\u00a0Wijkagent Django van Ekeren\u00a0Wel actie nodig maar geen spoed?\u00a0Ambulancedienst\u00a0Brandweer\u00a00900 - 88 44\u00a0\u00a0\u00a00900 \u2013 88 44\u00a0(0344) - 67 57 57\u00a0Politie & Brandweer\u00a0Spoed?\u00a01-1-2\u00a0Avri\u00a0\u00a0Klantcontactcentrum\u00a0\u00a0\u00a0E-mail : Info@avri.nl\u00a0Tel. (0345) 58 53 53\u00a0\u00a0Politie\u00a0Misdaad anoniem\u00a00800 - 7000\u00a0GemeenteBel & HerstellijnCo\u00f6rdinatie buurtpreventie Tielafdeling IV\u00a0\u00a0Loket Wonen Welzijn Zorg (WMO)\u00a0\u00a0\u00a0CJG- Wijkteam Noord\u00a0\u00a0\u00a0Wijkregisseur\u00a0\u00a0Andries Faber\u00a0\u00a0(0344)- 63 75 55\u00a0(0344)- 63 71 51\u00a0(0344)- 63 73\u2026","rel":"","context":"Soortgelijk bericht","block_context":{"text":"Soortgelijk bericht","link":""},"img":{"alt_text":"","src":"","width":0,"height":0},"classes":[]},{"id":581,"url":"https:\/\/westroijen.nl\/?page_id=581","url_meta":{"origin":494,"position":2},"title":"Meedoen","author":"Bertman","date":"6 december 2017","format":false,"excerpt":"Leuk dat je mee wilt doen met Wijkcomit\u00e9 Westroijen. We kunnen alle hulp gebruiken om iets moois van onze wijk te maken. Vul onderstaand formulier in en we nemen contact met je op. \u00a0","rel":"","context":"Soortgelijk bericht","block_context":{"text":"Soortgelijk bericht","link":""},"img":{"alt_text":"","src":"","width":0,"height":0},"classes":[]},{"id":56,"url":"https:\/\/westroijen.nl\/?page_id=56","url_meta":{"origin":494,"position":3},"title":"Contact","author":"Bertman","date":"16 februari 2017","format":false,"excerpt":"Let op: alleen bewoners van de Hennepe, de Kloosterbuurt en de Schepenbuurt kunnen lid worden van Wijkcomit\u00e9 Westroijen.","rel":"","context":"Soortgelijk bericht","block_context":{"text":"Soortgelijk bericht","link":""},"img":{"alt_text":"","src":"","width":0,"height":0},"classes":[]},{"id":1248,"url":"https:\/\/westroijen.nl\/?page_id=1248","url_meta":{"origin":494,"position":4},"title":"Mensen in de wijk","author":"Bertman","date":"13 april 2020","format":false,"excerpt":"ALTIJD HANDIGdeze mensen en organisaties kennen uw wijk Politie, 0900-8844, Erwin van Dalen, wijkagentMeld misdaad anoniem, 0800-7000Wijkregiseur gemeente, Andries Faber, 06-28 469 59Wijkcoach, Moza\u00efek, Marc Horsten, 06-300 329 72Jongerenwerk, Moza\u00efek, Maurice Julienne, 06-380 772 05Woonconsulent Thius, 0344-614 106, Martijn van den BogaardWoonconsulent KleurrijkWonen, Marieke Smit, 0345-596 376, Tom Breeman, 0345-596\u2026","rel":"","context":"Soortgelijk bericht","block_context":{"text":"Soortgelijk bericht","link":""},"img":{"alt_text":"","src":"","width":0,"height":0},"classes":[]},{"id":250,"url":"https:\/\/westroijen.nl\/?page_id=250","url_meta":{"origin":494,"position":5},"title":"Contact met Moza\u00efek Matchpoint","author":"Bertman","date":"18 april 2017","format":false,"excerpt":"Dit is\u00a0Marc Horsten\u00a0en hij is onze contactpersoon bij Moza\u00efek Matchpoint van de organisatie Moza\u00efek Welzijnsdiensten. Moza\u00efek Matchpoint brengt hulp en vraag naar hulp samen wanneer mensen even niet weten hoe ze de dingen in het leven moeten aanpakken. Op de website van Moza\u00efek Matchpoint vind u nog veel meer informatie.\u2026","rel":"","context":"Soortgelijk bericht","block_context":{"text":"Soortgelijk bericht","link":""},"img":{"alt_text":"","src":"https:\/\/i0.wp.com\/westroijen.nl\/wp-content\/uploads\/2017\/04\/qhiukihP-150x150.jpg?resize=350%2C200","width":350,"height":200},"classes":[]}],"_links":{"self":[{"href":"https:\/\/westroijen.nl\/index.php?rest_route=\/wp\/v2\/pages\/494","targetHints":{"allow":["GET"]}}],"collection":[{"href":"https:\/\/westroijen.nl\/index.php?rest_route=\/wp\/v2\/pages"}],"about":[{"href":"https:\/\/westroijen.nl\/index.php?rest_route=\/wp\/v2\/types\/page"}],"author":[{"embeddable":true,"href":"https:\/\/westroijen.nl\/index.php?rest_route=\/wp\/v2\/users\/3"}],"replies":[{"embeddable":true,"href":"https:\/\/westroijen.nl\/index.php?rest_route=%2Fwp%2Fv2%2Fcomments&post=494"}],"version-history":[{"count":42,"href":"https:\/\/westroijen.nl\/index.php?rest_route=\/wp\/v2\/pages\/494\/revisions"}],"predecessor-version":[{"id":2277,"href":"https:\/\/westroijen.nl\/index.php?rest_route=\/wp\/v2\/pages\/494\/revisions\/2277"}],"wp:attachment":[{"href":"https:\/\/westroijen.nl\/index.php?rest_route=%2Fwp%2Fv2%2Fmedia&parent=494"}],"curies":[{"name":"wp","href":"https:\/\/api.w.org\/{rel}","templated":true}]}}